{"id":65,"date":"2019-07-25T14:50:57","date_gmt":"2019-07-25T12:50:57","guid":{"rendered":"http:\/\/gcshandicapsensoriel.fr\/?page_id=65"},"modified":"2023-08-22T16:13:23","modified_gmt":"2023-08-22T14:13:23","slug":"missions","status":"publish","type":"page","link":"https:\/\/gcshandicapsensoriel.fr\/?page_id=65","title":{"rendered":"Nos missions"},"content":{"rendered":"\n<p>Les missions du GCS HANDICAP SENSORIEL se d\u00e9clinent autour des objectifs suivants : <\/p>\n\n\n\n<ul>\n<li>Proposer des <strong>services innovant<\/strong>s \u00e0 destination des personnes en situation de handicap visuel (malvoyants, aveugles) et\/ou avec des troubles de l&rsquo;audition (malentendants, sourds, souffrant d&rsquo;acouph\u00e8nes, hyperacousiques&#8230;)<\/li>\n\n\n\n<li>Accompagner les personnes dans une <strong>relation de partenariat<\/strong> avec la personne, son entourage et l\u2019\u00e9quipe pluridisciplinaire.<\/li>\n<\/ul>\n\n\n\n<p>Les services propos\u00e9s reposent sur 3 axes :<\/p>\n\n\n\n<ul>\n<li><strong>La personnalisation des soins <\/strong>\u00e0 travers l\u2019\u00e9coute de la personne, de ses besoins et de ses attentes ;<\/li>\n\n\n\n<li><strong>Le d\u00e9veloppement et le renforcement des comp\u00e9tences<\/strong> de la personne gr\u00e2ce au partage d\u2019informations et \u00e0 l\u2019\u00e9ducation th\u00e9rapeutique ;<\/li>\n\n\n\n<li><strong>Une continuit\u00e9 de prise en charge<\/strong> gr\u00e2ce \u00e0 un suivi et un soutien par l\u2019\u00e9quipe pluridisciplinaire.<\/li>\n<\/ul>\n\n\n\n<figure class=\"wp-block-gallery has-nested-images columns-default is-cropped wp-block-gallery-1 is-layout-flex wp-block-gallery-is-layout-flex\">\n<figure class=\"wp-block-image\"><img loading=\"lazy\" decoding=\"async\" width=\"1024\" height=\"768\" data-id=\"68\" src=\"http:\/\/gcshandicapsensoriel.fr\/wp-content\/uploads\/2019\/07\/DSC00057-1-1024x768.jpg\" alt=\"\" class=\"wp-image-68\" srcset=\"https:\/\/gcshandicapsensoriel.fr\/wp-content\/uploads\/2019\/07\/DSC00057-1-1024x768.jpg 1024w, https:\/\/gcshandicapsensoriel.fr\/wp-content\/uploads\/2019\/07\/DSC00057-1-300x225.jpg 300w, https:\/\/gcshandicapsensoriel.fr\/wp-content\/uploads\/2019\/07\/DSC00057-1-768x576.jpg 768w\" sizes=\"(max-width: 767px) 89vw, (max-width: 1000px) 54vw, (max-width: 1071px) 543px, 580px\" \/><\/figure>\n\n\n\n<figure class=\"wp-block-image\"><img loading=\"lazy\" decoding=\"async\" width=\"960\" height=\"720\" data-id=\"69\" src=\"http:\/\/gcshandicapsensoriel.fr\/wp-content\/uploads\/2019\/07\/IMG_0659.jpg\" alt=\"\" class=\"wp-image-69\" srcset=\"https:\/\/gcshandicapsensoriel.fr\/wp-content\/uploads\/2019\/07\/IMG_0659.jpg 960w, https:\/\/gcshandicapsensoriel.fr\/wp-content\/uploads\/2019\/07\/IMG_0659-300x225.jpg 300w, https:\/\/gcshandicapsensoriel.fr\/wp-content\/uploads\/2019\/07\/IMG_0659-768x576.jpg 768w\" sizes=\"(max-width: 767px) 89vw, (max-width: 1000px) 54vw, (max-width: 1071px) 543px, 580px\" \/><\/figure>\n<\/figure>\n\n\n\n<p><strong>Chiffres cl\u00e9s de l\u2019ann\u00e9e 2022<\/strong> pour le GCS Handicap Sensoriel :<\/p>\n\n\n\n<ul>\n<li><strong>542 personnes accompagn\u00e9es<\/strong> dont 105 b\u00e9n\u00e9ficiaires par le SIADV<\/li>\n\n\n\n<li><strong>36 professionnels<\/strong><\/li>\n\n\n\n<li><strong>19 m\u00e9tiers diff\u00e9rents<\/strong> experts de la d\u00e9ficience sensorielle<\/li>\n\n\n\n<li><strong>2 sites<\/strong> pour r\u00e9pondre au plus pr\u00e8s aux besoins des patients du CRBVTA et b\u00e9n\u00e9ficiaires du SIADV<\/li>\n<\/ul>\n","protected":false},"excerpt":{"rendered":"<p>Les missions du GCS HANDICAP SENSORIEL se d\u00e9clinent autour des objectifs suivants : Les services propos\u00e9s reposent sur 3 axes : Chiffres cl\u00e9s de l\u2019ann\u00e9e 2022 pour le GCS Handicap Sensoriel :<\/p>\n","protected":false},"author":1,"featured_media":0,"parent":0,"menu_order":0,"comment_status":"closed","ping_status":"closed","template":"","meta":{"footnotes":""},"_links":{"self":[{"href":"https:\/\/gcshandicapsensoriel.fr\/index.php?rest_route=\/wp\/v2\/pages\/65"}],"collection":[{"href":"https:\/\/gcshandicapsensoriel.fr\/index.php?rest_route=\/wp\/v2\/pages"}],"about":[{"href":"https:\/\/gcshandicapsensoriel.fr\/index.php?rest_route=\/wp\/v2\/types\/page"}],"author":[{"embeddable":true,"href":"https:\/\/gcshandicapsensoriel.fr\/index.php?rest_route=\/wp\/v2\/users\/1"}],"replies":[{"embeddable":true,"href":"https:\/\/gcshandicapsensoriel.fr\/index.php?rest_route=%2Fwp%2Fv2%2Fcomments&post=65"}],"version-history":[{"count":5,"href":"https:\/\/gcshandicapsensoriel.fr\/index.php?rest_route=\/wp\/v2\/pages\/65\/revisions"}],"predecessor-version":[{"id":655,"href":"https:\/\/gcshandicapsensoriel.fr\/index.php?rest_route=\/wp\/v2\/pages\/65\/revisions\/655"}],"wp:attachment":[{"href":"https:\/\/gcshandicapsensoriel.fr\/index.php?rest_route=%2Fwp%2Fv2%2Fmedia&parent=65"}],"curies":[{"name":"wp","href":"https:\/\/api.w.org\/{rel}","templated":true}]}}