{"id":565,"date":"2023-03-01T10:28:04","date_gmt":"2023-03-01T09:28:04","guid":{"rendered":"http:\/\/gcshandicapsensoriel.fr\/?page_id=565"},"modified":"2023-03-01T10:28:04","modified_gmt":"2023-03-01T09:28:04","slug":"acouphenes","status":"publish","type":"page","link":"https:\/\/gcshandicapsensoriel.fr\/?page_id=565","title":{"rendered":"Acouph\u00e8nes"},"content":{"rendered":"\n<h2 class=\"wp-block-heading\">Prise en charge des personnes souffrant d\u2019acouph\u00e8nes invalidants :<\/h2>\n\n\n\n<p>Gr\u00e2ce \u00e0 la prise en charge par une&nbsp;<strong><a href=\"http:\/\/crbvta.fr\/lequipe-pluridisciplinaire\/\">\u00e9quipe pluridisciplinaire<\/a>&nbsp;hautement sp\u00e9cialis\u00e9e<\/strong>, les patients apprennent \u00e0 mieux comprendre leur acouph\u00e8ne et \u00e0 vivre avec. L\u2019objectif est de diminuer voir de faire dispara\u00eetre leur perception.<\/p>\n\n\n\n<p>Chaque ann\u00e9e, le CRBVTA accompagne plus de 100 patients atteints d\u2019acouph\u00e8nes invalidants pour leur permettre de retrouver une&nbsp;<strong>meilleure qualit\u00e9 de vie<\/strong>.<\/p>\n\n\n\n<p>Pour pouvoir b\u00e9n\u00e9ficier de cette prise en charge, la personne souffrant d\u2019acouph\u00e8nes doit compl\u00e9ter un\u00a0<strong>dossier d\u2019admission\u00a0<\/strong>qui sera soumis \u00e0 la validation du m\u00e9decin ORL coordonnateur.<\/p>\n\n\n\n<p><em>D\u00e9couvrez le t\u00e9moignage d&rsquo;un patient du CRBVTA \u00e0 propos de ses acouph\u00e8nes : <\/em><\/p>\n\n\n\n<figure class=\"wp-block-embed is-type-video is-provider-youtube wp-block-embed-youtube wp-embed-aspect-16-9 wp-has-aspect-ratio\"><div class=\"wp-block-embed__wrapper\">\n<iframe loading=\"lazy\" title=\"Traitement des acouph\u00e8nes, des th\u00e9rapies existent\" width=\"525\" height=\"295\" src=\"https:\/\/www.youtube.com\/embed\/fd4RRlkzCSA?feature=oembed\" frameborder=\"0\" allow=\"accelerometer; autoplay; clipboard-write; encrypted-media; gyroscope; picture-in-picture; web-share\" allowfullscreen><\/iframe>\n<\/div><\/figure>\n","protected":false},"excerpt":{"rendered":"<p>Prise en charge des personnes souffrant d\u2019acouph\u00e8nes invalidants : Gr\u00e2ce \u00e0 la prise en charge par une&nbsp;\u00e9quipe pluridisciplinaire&nbsp;hautement sp\u00e9cialis\u00e9e, les patients apprennent \u00e0 mieux comprendre leur acouph\u00e8ne et \u00e0 vivre avec. L\u2019objectif est de diminuer voir de faire dispara\u00eetre leur perception. Chaque ann\u00e9e, le CRBVTA accompagne plus de 100 patients atteints d\u2019acouph\u00e8nes invalidants pour leur &hellip; <\/p>\n<p class=\"link-more\"><a href=\"https:\/\/gcshandicapsensoriel.fr\/?page_id=565\" class=\"more-link\">Continuer la lecture<span class=\"screen-reader-text\"> de &laquo;&nbsp;Acouph\u00e8nes&nbsp;&raquo;<\/span><\/a><\/p>\n","protected":false},"author":2,"featured_media":0,"parent":0,"menu_order":0,"comment_status":"closed","ping_status":"closed","template":"","meta":{"footnotes":""},"_links":{"self":[{"href":"https:\/\/gcshandicapsensoriel.fr\/index.php?rest_route=\/wp\/v2\/pages\/565"}],"collection":[{"href":"https:\/\/gcshandicapsensoriel.fr\/index.php?rest_route=\/wp\/v2\/pages"}],"about":[{"href":"https:\/\/gcshandicapsensoriel.fr\/index.php?rest_route=\/wp\/v2\/types\/page"}],"author":[{"embeddable":true,"href":"https:\/\/gcshandicapsensoriel.fr\/index.php?rest_route=\/wp\/v2\/users\/2"}],"replies":[{"embeddable":true,"href":"https:\/\/gcshandicapsensoriel.fr\/index.php?rest_route=%2Fwp%2Fv2%2Fcomments&post=565"}],"version-history":[{"count":1,"href":"https:\/\/gcshandicapsensoriel.fr\/index.php?rest_route=\/wp\/v2\/pages\/565\/revisions"}],"predecessor-version":[{"id":567,"href":"https:\/\/gcshandicapsensoriel.fr\/index.php?rest_route=\/wp\/v2\/pages\/565\/revisions\/567"}],"wp:attachment":[{"href":"https:\/\/gcshandicapsensoriel.fr\/index.php?rest_route=%2Fwp%2Fv2%2Fmedia&parent=565"}],"curies":[{"name":"wp","href":"https:\/\/api.w.org\/{rel}","templated":true}]}}