{"id":544,"date":"2023-03-01T09:56:59","date_gmt":"2023-03-01T08:56:59","guid":{"rendered":"http:\/\/gcshandicapsensoriel.fr\/?page_id=544"},"modified":"2023-03-01T09:56:59","modified_gmt":"2023-03-01T08:56:59","slug":"prise-en-charge","status":"publish","type":"page","link":"https:\/\/gcshandicapsensoriel.fr\/?page_id=544","title":{"rendered":"Prise en charge"},"content":{"rendered":"\n<p><strong>Si vous \u00eates assur\u00e9 social, 80% des frais de s\u00e9jour sont pris en charge par le r\u00e9gime de protection sociale ; les 20% restants, que l\u2019on appelle le ticket mod\u00e9rateur, sont \u00e0 votre charge ou \u00e0 celle de votre mutuelle si vous en disposez ou si votre contrat le pr\u00e9voit.<br>Les frais de s\u00e9jour peuvent \u00eatre pris en charge \u00e0 100% par l\u2019assurance maladie. Plusieurs situations entra\u00eenent cette exon\u00e9ration :<\/strong><\/p>\n\n\n\n<ul>\n<li><strong>lorsque vous \u00eates \u00e0 100% pour une affection de longue dur\u00e9e (ALD) et que l\u2019hospitalisation au Centre est bien en rapport avec cette affection ;<\/strong><\/li>\n\n\n\n<li><strong>lorsque vous \u00eates \u00e0 100% pour toutes les prestations.<\/strong><\/li>\n<\/ul>\n","protected":false},"excerpt":{"rendered":"<p>Si vous \u00eates assur\u00e9 social, 80% des frais de s\u00e9jour sont pris en charge par le r\u00e9gime de protection sociale ; les 20% restants, que l\u2019on appelle le ticket mod\u00e9rateur, sont \u00e0 votre charge ou \u00e0 celle de votre mutuelle si vous en disposez ou si votre contrat le pr\u00e9voit.Les frais de s\u00e9jour peuvent \u00eatre &hellip; <\/p>\n<p class=\"link-more\"><a href=\"https:\/\/gcshandicapsensoriel.fr\/?page_id=544\" class=\"more-link\">Continuer la lecture<span class=\"screen-reader-text\"> de &laquo;&nbsp;Prise en charge&nbsp;&raquo;<\/span><\/a><\/p>\n","protected":false},"author":2,"featured_media":0,"parent":0,"menu_order":0,"comment_status":"closed","ping_status":"closed","template":"","meta":{"footnotes":""},"_links":{"self":[{"href":"https:\/\/gcshandicapsensoriel.fr\/index.php?rest_route=\/wp\/v2\/pages\/544"}],"collection":[{"href":"https:\/\/gcshandicapsensoriel.fr\/index.php?rest_route=\/wp\/v2\/pages"}],"about":[{"href":"https:\/\/gcshandicapsensoriel.fr\/index.php?rest_route=\/wp\/v2\/types\/page"}],"author":[{"embeddable":true,"href":"https:\/\/gcshandicapsensoriel.fr\/index.php?rest_route=\/wp\/v2\/users\/2"}],"replies":[{"embeddable":true,"href":"https:\/\/gcshandicapsensoriel.fr\/index.php?rest_route=%2Fwp%2Fv2%2Fcomments&post=544"}],"version-history":[{"count":1,"href":"https:\/\/gcshandicapsensoriel.fr\/index.php?rest_route=\/wp\/v2\/pages\/544\/revisions"}],"predecessor-version":[{"id":546,"href":"https:\/\/gcshandicapsensoriel.fr\/index.php?rest_route=\/wp\/v2\/pages\/544\/revisions\/546"}],"wp:attachment":[{"href":"https:\/\/gcshandicapsensoriel.fr\/index.php?rest_route=%2Fwp%2Fv2%2Fmedia&parent=544"}],"curies":[{"name":"wp","href":"https:\/\/api.w.org\/{rel}","templated":true}]}}