{"id":528,"date":"2023-03-01T09:34:32","date_gmt":"2023-03-01T08:34:32","guid":{"rendered":"http:\/\/gcshandicapsensoriel.fr\/?page_id=528"},"modified":"2023-03-01T10:08:20","modified_gmt":"2023-03-01T09:08:20","slug":"presentation-crbvta","status":"publish","type":"page","link":"https:\/\/gcshandicapsensoriel.fr\/?page_id=528","title":{"rendered":"Le Centre R\u00e9gional Basse Vision et Troubles de l&rsquo;Audition"},"content":{"rendered":"\n<p class=\"has-text-align-left\"><strong>Le Centre R\u00e9gional Basse Vision et Troubles de l\u2019Audition (CRBVTA)<\/strong> est<strong>\u00a0<u>un \u00e9tablissement de soins de suite et de r\u00e9adaptation sp\u00e9cialis\u00e9 en d\u00e9ficience sensorielle<\/u>, <\/strong>situ\u00e9 \u00e0<strong> St Benoit (86)<\/strong> avec une antenne \u00e0 <strong>Roullet-Saint-Est\u00e8phe (16).<\/strong><\/p>\n\n\n\n<div class=\"wp-block-columns is-layout-flex wp-container-core-columns-layout-1 wp-block-columns-is-layout-flex\">\n<div class=\"wp-block-column is-layout-flow wp-block-column-is-layout-flow\">\n<figure class=\"wp-block-image size-full\"><img loading=\"lazy\" decoding=\"async\" width=\"1024\" height=\"768\" src=\"http:\/\/gcshandicapsensoriel.fr\/wp-content\/uploads\/2023\/03\/site-saint-benoit.jpg\" alt=\"Site de Saint Benoit du CRBVTA\" class=\"wp-image-530\" srcset=\"https:\/\/gcshandicapsensoriel.fr\/wp-content\/uploads\/2023\/03\/site-saint-benoit.jpg 1024w, https:\/\/gcshandicapsensoriel.fr\/wp-content\/uploads\/2023\/03\/site-saint-benoit-300x225.jpg 300w, https:\/\/gcshandicapsensoriel.fr\/wp-content\/uploads\/2023\/03\/site-saint-benoit-768x576.jpg 768w\" sizes=\"(max-width: 767px) 89vw, (max-width: 1000px) 54vw, (max-width: 1071px) 543px, 580px\" \/><figcaption class=\"wp-element-caption\">CRBVTA &#8211; Site de Saint Benoit (86)<\/figcaption><\/figure>\n<\/div>\n\n\n\n<div class=\"wp-block-column is-layout-flow wp-block-column-is-layout-flow\">\n<figure class=\"wp-block-image size-full\"><img loading=\"lazy\" decoding=\"async\" width=\"304\" height=\"166\" src=\"http:\/\/gcshandicapsensoriel.fr\/wp-content\/uploads\/2023\/03\/site-glamots-1.jpg\" alt=\"\" class=\"wp-image-531\" srcset=\"https:\/\/gcshandicapsensoriel.fr\/wp-content\/uploads\/2023\/03\/site-glamots-1.jpg 304w, https:\/\/gcshandicapsensoriel.fr\/wp-content\/uploads\/2023\/03\/site-glamots-1-300x164.jpg 300w\" sizes=\"(max-width: 304px) 100vw, 304px\" \/><figcaption class=\"wp-element-caption\">CRBVTA &#8211; Antenne de Charente (16)<\/figcaption><\/figure>\n<\/div>\n<\/div>\n\n\n\n<p class=\"has-text-align-left\"><strong><u>H\u00f4pital de jour,<\/u>\u00a0<\/strong>il propose une d\u00e9marche<strong> d\u2019\u00e9valuation et de r\u00e9adaptation\/r\u00e9\u00e9ducation\u00a0<\/strong> par une \u00e9quipe pluridisciplinaire<strong> sp\u00e9cialis\u00e9e en basse vision et en troubles de l\u2019audition.<\/strong><\/p>\n\n\n\n<p class=\"has-text-align-left\">Notre objectif est d\u2019accompagner les personnes<strong> malvoyantes, aveugles, malentendantes, sourdes et\/ou souffrant de troubles de l\u2019audition (acouph\u00e8nes, hyperacousie)<\/strong> pour restaurer leur autonomie et ainsi retrouver une meilleure qualit\u00e9 de vie.<\/p>\n\n\n\n<p class=\"has-text-align-left\">Etablissement g\u00e9r\u00e9 par le<strong>\u00a0<a href=\"http:\/\/gcshandicapsensoriel.fr\/\">GCS Handicap Sensoriel<\/a>\u00a0.<\/strong><\/p>\n\n\n\n<p>D\u00e9couvrez l&rsquo;antenne de Charente en vid\u00e9o  :<\/p>\n\n\n\n<figure class=\"wp-block-embed aligncenter is-type-video is-provider-youtube wp-block-embed-youtube wp-embed-aspect-16-9 wp-has-aspect-ratio\"><div class=\"wp-block-embed__wrapper\">\n<iframe loading=\"lazy\" title=\"Une antenne du centre r\u00e9gional basse vision vient d&#039;ouvrir en Charente\" width=\"525\" height=\"295\" src=\"https:\/\/www.youtube.com\/embed\/-leRf188Iac?feature=oembed\" frameborder=\"0\" allow=\"accelerometer; autoplay; clipboard-write; encrypted-media; gyroscope; picture-in-picture; web-share\" allowfullscreen><\/iframe>\n<\/div><\/figure>\n","protected":false},"excerpt":{"rendered":"<p>Le Centre R\u00e9gional Basse Vision et Troubles de l\u2019Audition (CRBVTA) est\u00a0un \u00e9tablissement de soins de suite et de r\u00e9adaptation sp\u00e9cialis\u00e9 en d\u00e9ficience sensorielle, situ\u00e9 \u00e0 St Benoit (86) avec une antenne \u00e0 Roullet-Saint-Est\u00e8phe (16). H\u00f4pital de jour,\u00a0il propose une d\u00e9marche d\u2019\u00e9valuation et de r\u00e9adaptation\/r\u00e9\u00e9ducation\u00a0 par une \u00e9quipe pluridisciplinaire sp\u00e9cialis\u00e9e en basse vision et en troubles &hellip; <\/p>\n<p class=\"link-more\"><a href=\"https:\/\/gcshandicapsensoriel.fr\/?page_id=528\" class=\"more-link\">Continuer la lecture<span class=\"screen-reader-text\"> de &laquo;&nbsp;Le Centre R\u00e9gional Basse Vision et Troubles de l&rsquo;Audition&nbsp;&raquo;<\/span><\/a><\/p>\n","protected":false},"author":2,"featured_media":0,"parent":0,"menu_order":0,"comment_status":"closed","ping_status":"closed","template":"","meta":{"footnotes":""},"_links":{"self":[{"href":"https:\/\/gcshandicapsensoriel.fr\/index.php?rest_route=\/wp\/v2\/pages\/528"}],"collection":[{"href":"https:\/\/gcshandicapsensoriel.fr\/index.php?rest_route=\/wp\/v2\/pages"}],"about":[{"href":"https:\/\/gcshandicapsensoriel.fr\/index.php?rest_route=\/wp\/v2\/types\/page"}],"author":[{"embeddable":true,"href":"https:\/\/gcshandicapsensoriel.fr\/index.php?rest_route=\/wp\/v2\/users\/2"}],"replies":[{"embeddable":true,"href":"https:\/\/gcshandicapsensoriel.fr\/index.php?rest_route=%2Fwp%2Fv2%2Fcomments&post=528"}],"version-history":[{"count":4,"href":"https:\/\/gcshandicapsensoriel.fr\/index.php?rest_route=\/wp\/v2\/pages\/528\/revisions"}],"predecessor-version":[{"id":555,"href":"https:\/\/gcshandicapsensoriel.fr\/index.php?rest_route=\/wp\/v2\/pages\/528\/revisions\/555"}],"wp:attachment":[{"href":"https:\/\/gcshandicapsensoriel.fr\/index.php?rest_route=%2Fwp%2Fv2%2Fmedia&parent=528"}],"curies":[{"name":"wp","href":"https:\/\/api.w.org\/{rel}","templated":true}]}}