{"id":364,"date":"2020-02-04T10:20:24","date_gmt":"2020-02-04T09:20:24","guid":{"rendered":"http:\/\/gcshandicapsensoriel.fr\/?page_id=364"},"modified":"2020-02-04T10:20:24","modified_gmt":"2020-02-04T09:20:24","slug":"politique-de-confidentialite-et-de-securite-des-donnees","status":"publish","type":"page","link":"https:\/\/gcshandicapsensoriel.fr\/?page_id=364","title":{"rendered":"Politique de confidentialit\u00e9 et de s\u00e9curit\u00e9 des donn\u00e9es"},"content":{"rendered":"\n<p class=\"has-text-color has-vivid-cyan-blue-color\"><strong>Protection des donn\u00e9es personnelles<\/strong><\/p>\n\n\n\n<p>Le GCS Handicap Sensoriel est soumis au respect du R\u00e8glement Europ\u00e9en sur la Protection des Donn\u00e9es (RGPD) du 27 avril 2016 applicable depuis le 25 mai 2018, et \u00e0 la loi relative \u00e0 l\u2019informatique, aux fichiers et aux libert\u00e9s du 6 janviers 1978 (modifi\u00e9 par la loi du 20 juin 2018). Le GCS g\u00e8re des donn\u00e9es nominatives sensibles (m\u00e9dicales et sociales). A ce titre, la l\u00e9gislation impose un encadrement strict de l\u2019h\u00e9bergement des donn\u00e9es.<\/p>\n\n\n\n<p>Dans ce cadre, les informations recueillies lors de la compl\u00e9tude du dossier d\u2019admission et lors de votre prise en charge font l\u2019objet de traitements informatiques destin\u00e9s \u00e0 faciliter votre prise en charge. Le responsable du traitement informatique est la Directrice du GCS Handicap Sensoriel. Le GCS Handicap Sensoriel a d\u00e9sign\u00e9 un correspondant CPO que vous pouvez joindre par mail <a href=\"mailto:cpo@vyv-vare.fr\">cpo@vyv-care.fr<\/a>\u00a0et qui pourra r\u00e9pondre \u00e0 vos questions concernant la protection des donn\u00e9es personnelles.<\/p>\n\n\n\n<p class=\"has-text-color has-vivid-cyan-blue-color\"><strong>Donn\u00e9es collect\u00e9es<\/strong><\/p>\n\n\n\n<p>Le GCS Handicap Sensoriel collecte et traite notamment des donn\u00e9es d\u2019ordre administratives, sociales et m\u00e9dicales. Le GCS peut \u00eatre amen\u00e9 \u00e0 collecter diff\u00e9rentes cat\u00e9gories de donn\u00e9es personnelles comme&nbsp;:<\/p>\n\n\n\n<ul><li>Des donn\u00e9es d\u2019identification&nbsp;: nom, pr\u00e9nom, date de naissance, sexe, nationalit\u00e9, adresse, t\u00e9l\u00e9phone, mail&nbsp;;<\/li><li>Le num\u00e9ro de s\u00e9curit\u00e9 sociale&nbsp;;<\/li><li>Des donn\u00e9es sur votre vie personnelle&nbsp;: habitude de vie, situation familiale, personne \u00e0 contacter&nbsp;;<\/li><li>Des donn\u00e9es sur votre vie professionnelle&nbsp;: employeur&nbsp;;<\/li><li>Des informations d\u2019ordre \u00e9conomique et financi\u00e8re&nbsp;: mutuelle, avis d\u2019imposition&nbsp;;<\/li><li>Des donn\u00e9es de sant\u00e9.<\/li><\/ul>\n\n\n\n<p class=\"has-text-color has-vivid-cyan-blue-color\"><strong>Finalit\u00e9 et l\u00e9gitimit\u00e9 des traitements<\/strong><\/p>\n\n\n\n<p>Le traitement de vos donn\u00e9es personnelles&nbsp;a pour but de vous assurer&nbsp;des soins appropri\u00e9s et de qualit\u00e9,&nbsp;la continuit\u00e9 de votre prise en charge,&nbsp;la tra\u00e7abilit\u00e9 des soins&nbsp;qui vous sont faits, la&nbsp;g\u00e9n\u00e9ration de statistiques&nbsp;et&nbsp;\u00e0 la facturation. Conform\u00e9ment \u00e0 la r\u00e8glementation, ces donn\u00e9es peuvent aussi \u00eatre utilis\u00e9es \u00e0 des fins&nbsp;d\u2019enseignement,&nbsp;de&nbsp;recherche&nbsp;et de&nbsp;sant\u00e9 publique. Aucune donn\u00e9e n\u2019est utilis\u00e9e \u00e0 des fins commerciales.<\/p>\n\n\n\n<p class=\"has-text-color has-vivid-cyan-blue-color\"><strong>Destinataires de vos donn\u00e9es<\/strong><\/p>\n\n\n\n<p>Certaines informations \u00e0 caract\u00e8re personnel peuvent \u00eatre communiqu\u00e9es \u00e0 des partenaires ext\u00e9rieurs dans le cadre de votre r\u00e9adaptation (\u00e9tablissements de sant\u00e9,&nbsp;professionnels lib\u00e9raux, transporteurs sanitaires\u2026).<\/p>\n\n\n\n<p>Le GCS Handicap Sensoriel est \u00e9galement amen\u00e9e \u00e0 t\u00e9l\u00e9transmettre des informations \u00e0 l\u2019Assurance-Maladie, \u00e0 l\u2019Agence Technique de l\u2019Information sur l\u2019Hospitalisation (ATIH) et le cas \u00e9chant, aux organismes de mutuelle afin de facturer les prestations de soins.<\/p>\n\n\n\n<p>Dans un objectif de sant\u00e9 publique, des donn\u00e9es peuvent \u00eatre transmises \u00e0 des organismes autoris\u00e9s (Agence r\u00e9gionale de sant\u00e9, Institut national de veille sanitaire, registre des maladies, etc.)<\/p>\n\n\n\n<p class=\"has-text-color has-vivid-cyan-blue-color\"><strong>Transferts de donn\u00e9es personnelles en dehors de l\u2019Espace Economique Europ\u00e9en<\/strong><\/p>\n\n\n\n<p>Le GCS Handicap Sensoriel n\u2019est pas concern\u00e9 par le transfert de donn\u00e9es en dehors de l\u2019espace \u00e9conomique europ\u00e9en.<\/p>\n\n\n\n<p class=\"has-text-color has-vivid-cyan-blue-color\"><strong>Dur\u00e9e de conservation des donn\u00e9es<\/strong><\/p>\n\n\n\n<p>Le dossier m\u00e9dical est conserv\u00e9 durant 20 ans \u00e0 partir du dernier s\u00e9jour au sein du GCS Handicap Sensoriel, ou au moins jusqu\u2019au 28\u00e8me anniversaire du patient, ou pendant 10 ans \u00e0 partir de la date de d\u00e9c\u00e8s du patient (Article R1112-7 du Code de la Sant\u00e9 Publique). Pass\u00e9 ces d\u00e9lais, le dossier m\u00e9dical peut \u00eatre \u00e9limin\u00e9.<\/p>\n\n\n\n<p class=\"has-text-color has-vivid-cyan-blue-color\"><strong>Confidentialit\u00e9 des donn\u00e9es<\/strong><\/p>\n\n\n\n<p>Les professionnels du GCS Handicap Sensoriel utilisent les logiciels Osiris, Oxalys et Medsph\u00e8re. Chaque utilisateur de ces logiciels s\u2019engage&nbsp;:<\/p>\n\n\n\n<ul><li>\u00c0 respecter le secret m\u00e9dical&nbsp;: les informations nominatives sur les patients ne peuvent \u00eatre communiqu\u00e9es qu\u2019\u00e0 des destinataires habilit\u00e9s par le patient et des personnes autoris\u00e9es en vertu de la loi du 4 mars 2002, relative aux droits des patients et \u00e0 la qualit\u00e9 du syst\u00e8me de sant\u00e9. Cette loi autorise express\u00e9ment les professionnels de sant\u00e9 \u00e0 \u00e9changer des informations relatives \u00e0 un m\u00eame patient, sauf opposition de sa part, dans le seul but d\u2019assurer la continuit\u00e9 des soins ou de d\u00e9terminer la meilleure prise en charge possible. Lorsque le malade est pris en charge par une \u00e9quipe de soins dans un \u00e9tablissement de sant\u00e9, les informations sont r\u00e9put\u00e9es confi\u00e9es \u00e0 l\u2019ensemble de l\u2019\u00e9quipe.<\/li><li>\u00c0 ne pas divulguer son code d\u2019acc\u00e8s au logiciel, et \u00e0 ne pas s\u2019approprier, m\u00eame avec son consentement, ou d\u00e9chiffrer le mot de passe d\u2019un autre utilisateur.<\/li><li>\u00c0 se d\u00e9connecter du logiciel en fin d\u2019utilisation.<\/li><li>\u00c0 ne pas prendre connaissance d\u2019informations d\u00e9tenues par d\u2019autres utilisateurs, quand bien m\u00eame ceux-ci ne les auraient pas explicitement prot\u00e9g\u00e9es, sauf s\u2019il s\u2019agit de donn\u00e9es qui lui sont destin\u00e9es. Il s\u2019engage \u00e9galement \u00e0 s\u2019abstenir de toute tentative de modifier, copier ou d\u00e9truire les donn\u00e9es d\u2019un autre utilisateur.<\/li><\/ul>\n\n\n\n<p class=\"has-text-color has-vivid-cyan-blue-color\"><strong>Vos droits<\/strong><\/p>\n\n\n\n<p>Conform\u00e9ment \u00e0 la r\u00e9glementation applicable, le patient dispose de diff\u00e9rents droits&nbsp;:<\/p>\n\n\n\n<ul><li>Droit \u00e0 l\u2019information&nbsp;: chaque traitement est enregistr\u00e9 dans le registre des traitements du GCS Handicap Sensoriel&nbsp;;<\/li><li>Droit d\u2019acc\u00e8s&nbsp;: le patient peut obtenir des informations concernant le traitement de ses donn\u00e9es personnelles ainsi qu\u2019une copie de ces donn\u00e9es personnelles&nbsp;;<\/li><li>Droit de rectification&nbsp;: si le patient estime que ses donn\u00e9es personnelles sont inexactes ou incompl\u00e8tes, il peut exiger leurs modifications&nbsp;;<\/li><li>Droit \u00e0 l\u2019effacement&nbsp;: le patient peut exiger l\u2019effacement de ces donn\u00e9es personnelles except\u00e9 pour les traitements n\u00e9cessaires aux fins de diagnostics m\u00e9dicaux, de la gestion des services de soins de sant\u00e9, pour des motifs d\u2019int\u00e9r\u00eat public dans le domaine de la sant\u00e9 publique&nbsp;;<\/li><li>Droit \u00e0 la limitation du traitement&nbsp;: le patient peut demander la limitation du traitement de ses donn\u00e9es personnelles dans certains cas&nbsp;;<\/li><li>Droit d\u2019opposition&nbsp;: le patient peut s\u2019opposer au traitement de ces donn\u00e9es personnelles pour des motifs li\u00e9s \u00e0 sa situation particuli\u00e8re except\u00e9 si le responsable du traitement ne d\u00e9montre qu\u2019il existe des motifs l\u00e9gitimes et imp\u00e9rieux pour le traitement qu\u2019ils pr\u00e9valent sur ses int\u00e9r\u00eats et ses droits et libert\u00e9s.<\/li><li>Droit de retirer son consentement&nbsp;: si le patient a donn\u00e9 son consentement au traitement de ses donn\u00e9es personnelles, il a le droit de le retirer \u00e0 tout moment&nbsp;;<\/li><li>Droit \u00e0 la portabilit\u00e9 des donn\u00e9es&nbsp;: pour les traitements fond\u00e9s sur le consentement, le patient a le droit que les donn\u00e9es personnelles qu\u2019il a fournies lui soient rendues ou, lorsque cela est techniquement possible, de les transf\u00e9rer \u00e0 un tiers.<\/li><\/ul>\n\n\n\n<p>Le patient peut exercer ses droits d\u2019acc\u00e8s et de rectification de ses donn\u00e9es personnelles, une limitation du traitement relatif \u00e0 sa personne, retirer son consentement ou exercer son droit \u00e0 la portabilit\u00e9 en \u00e9crivant \u00e0 la directrice du GCS Handicap Sensoriel ou au correspondant CPO.<\/p>\n","protected":false},"excerpt":{"rendered":"<p>Protection des donn\u00e9es personnelles Le GCS Handicap Sensoriel est soumis au respect du R\u00e8glement Europ\u00e9en sur la Protection des Donn\u00e9es (RGPD) du 27 avril 2016 applicable depuis le 25 mai 2018, et \u00e0 la loi relative \u00e0 l\u2019informatique, aux fichiers et aux libert\u00e9s du 6 janviers 1978 (modifi\u00e9 par la loi du 20 juin 2018). &hellip; <\/p>\n<p class=\"link-more\"><a href=\"https:\/\/gcshandicapsensoriel.fr\/?page_id=364\" class=\"more-link\">Continuer la lecture<span class=\"screen-reader-text\"> de &laquo;&nbsp;Politique de confidentialit\u00e9 et de s\u00e9curit\u00e9 des donn\u00e9es&nbsp;&raquo;<\/span><\/a><\/p>\n","protected":false},"author":1,"featured_media":0,"parent":0,"menu_order":0,"comment_status":"closed","ping_status":"closed","template":"","meta":{"footnotes":""},"_links":{"self":[{"href":"https:\/\/gcshandicapsensoriel.fr\/index.php?rest_route=\/wp\/v2\/pages\/364"}],"collection":[{"href":"https:\/\/gcshandicapsensoriel.fr\/index.php?rest_route=\/wp\/v2\/pages"}],"about":[{"href":"https:\/\/gcshandicapsensoriel.fr\/index.php?rest_route=\/wp\/v2\/types\/page"}],"author":[{"embeddable":true,"href":"https:\/\/gcshandicapsensoriel.fr\/index.php?rest_route=\/wp\/v2\/users\/1"}],"replies":[{"embeddable":true,"href":"https:\/\/gcshandicapsensoriel.fr\/index.php?rest_route=%2Fwp%2Fv2%2Fcomments&post=364"}],"version-history":[{"count":1,"href":"https:\/\/gcshandicapsensoriel.fr\/index.php?rest_route=\/wp\/v2\/pages\/364\/revisions"}],"predecessor-version":[{"id":365,"href":"https:\/\/gcshandicapsensoriel.fr\/index.php?rest_route=\/wp\/v2\/pages\/364\/revisions\/365"}],"wp:attachment":[{"href":"https:\/\/gcshandicapsensoriel.fr\/index.php?rest_route=%2Fwp%2Fv2%2Fmedia&parent=364"}],"curies":[{"name":"wp","href":"https:\/\/api.w.org\/{rel}","templated":true}]}}