{"id":286,"date":"2019-08-27T14:36:54","date_gmt":"2019-08-27T12:36:54","guid":{"rendered":"http:\/\/gcshandicapsensoriel.fr\/?page_id=286"},"modified":"2023-08-22T16:06:45","modified_gmt":"2023-08-22T14:06:45","slug":"les-membres-constituants-le-gcs-handicap-sensoriel","status":"publish","type":"page","link":"https:\/\/gcshandicapsensoriel.fr\/?page_id=286","title":{"rendered":"Les membres constituants le GCS HANDICAP SENSORIEL"},"content":{"rendered":"\n<div class=\"wp-block-media-text alignwide\"><figure class=\"wp-block-media-text__media\"><img loading=\"lazy\" decoding=\"async\" width=\"591\" height=\"591\" src=\"http:\/\/gcshandicapsensoriel.fr\/wp-content\/uploads\/2019\/08\/MFV2.jpg\" alt=\"\" class=\"wp-image-283\" srcset=\"https:\/\/gcshandicapsensoriel.fr\/wp-content\/uploads\/2019\/08\/MFV2.jpg 591w, https:\/\/gcshandicapsensoriel.fr\/wp-content\/uploads\/2019\/08\/MFV2-150x150.jpg 150w, https:\/\/gcshandicapsensoriel.fr\/wp-content\/uploads\/2019\/08\/MFV2-300x300.jpg 300w, https:\/\/gcshandicapsensoriel.fr\/wp-content\/uploads\/2019\/08\/MFV2-100x100.jpg 100w\" sizes=\"(max-width: 591px) 100vw, 591px\" \/><\/figure><div class=\"wp-block-media-text__content\">\n\n<p>La Mutualit\u00e9 Fran\u00e7aise Vienne SSAM est membre de la Mutualit\u00e9 Fran\u00e7aise Nouvelle Aquitaine.\u00a0 Elle g\u00e8re plusieurs Services de Soins et d\u2019Accompagnement Mutualistes (SSAM) r\u00e9partis sur le d\u00e9partement de la Vienne.<\/p>\n\n\n<p>Plus d&rsquo;informations sur <a rel=\"noreferrer noopener\" aria-label=\" (s\u2019ouvre dans un nouvel onglet)\" href=\"http:\/\/www.mutualite86.fr\/\" target=\"_blank\">www.mutualite86.fr<\/a><\/p>\n\n<\/div><\/div>\n\n\n\n<hr class=\"wp-block-separator has-alpha-channel-opacity\"\/>\n\n\n\n<div style=\"height:100px\" aria-hidden=\"true\" class=\"wp-block-spacer\"><\/div>\n\n\n\n<div class=\"wp-block-media-text alignwide is-stacked-on-mobile\" style=\"grid-template-columns:35% auto\"><figure class=\"wp-block-media-text__media\"><img loading=\"lazy\" decoding=\"async\" width=\"200\" height=\"167\" src=\"http:\/\/gcshandicapsensoriel.fr\/wp-content\/uploads\/2023\/08\/mutualite-francaise-limousine-logo.png\" alt=\"\" class=\"wp-image-643 size-full\"\/><\/figure><div class=\"wp-block-media-text__content\">\n<p>La Mutualit\u00e9 fran\u00e7aise Limousine est un&nbsp;gestionnaire&nbsp;de services de soins et d\u2019accompagnement mutualistes&nbsp;(SSAM) implant\u00e9s dans le Limousin.<\/p>\n\n\n\n<p>Plus d&rsquo;informations sur <a href=\"https:\/\/www.mutualitelimousine.fr\/\">mutualit\u00e9 limousine<\/a><\/p>\n<\/div><\/div>\n\n\n\n<hr class=\"wp-block-separator has-alpha-channel-opacity\"\/>\n\n\n\n<div style=\"height:100px\" aria-hidden=\"true\" class=\"wp-block-spacer\"><\/div>\n\n\n\n<div class=\"wp-block-media-text alignwide\"><figure class=\"wp-block-media-text__media\"><img loading=\"lazy\" decoding=\"async\" width=\"385\" height=\"191\" src=\"http:\/\/gcshandicapsensoriel.fr\/wp-content\/uploads\/2019\/08\/association-ARDEVIE-1.jpg\" alt=\"\" class=\"wp-image-287\" srcset=\"https:\/\/gcshandicapsensoriel.fr\/wp-content\/uploads\/2019\/08\/association-ARDEVIE-1.jpg 385w, https:\/\/gcshandicapsensoriel.fr\/wp-content\/uploads\/2019\/08\/association-ARDEVIE-1-300x149.jpg 300w\" sizes=\"(max-width: 385px) 100vw, 385px\" \/><\/figure><div class=\"wp-block-media-text__content\">\n\n<p>Association loi 1901, l&rsquo;association ARDEVIE g\u00e8re des services m\u00e9dico-sociaux et un \u00e9tablissement de soins de suite et de r\u00e9adaptation, CSSR Les Glamots. Elle est implant\u00e9e \u00e0 Roullet-Saint-Est\u00e9phe (Charente).<\/p>\n\n\n<p>Plus d&rsquo;informations sur <a href=\"http:\/\/ardevie.org\">ardevie.org<\/a> <\/p>\n\n<\/div><\/div>\n","protected":false},"excerpt":{"rendered":"<p>La Mutualit\u00e9 Fran\u00e7aise Vienne SSAM est membre de la Mutualit\u00e9 Fran\u00e7aise Nouvelle Aquitaine.\u00a0 Elle g\u00e8re plusieurs Services de Soins et d\u2019Accompagnement Mutualistes (SSAM) r\u00e9partis sur le d\u00e9partement de la Vienne. Plus d&rsquo;informations sur www.mutualite86.fr La Mutualit\u00e9 fran\u00e7aise Limousine est un&nbsp;gestionnaire&nbsp;de services de soins et d\u2019accompagnement mutualistes&nbsp;(SSAM) implant\u00e9s dans le Limousin. Plus d&rsquo;informations sur mutualit\u00e9 limousine &hellip; <\/p>\n<p class=\"link-more\"><a href=\"https:\/\/gcshandicapsensoriel.fr\/?page_id=286\" class=\"more-link\">Continuer la lecture<span class=\"screen-reader-text\"> de &laquo;&nbsp;Les membres constituants le GCS HANDICAP SENSORIEL&nbsp;&raquo;<\/span><\/a><\/p>\n","protected":false},"author":1,"featured_media":0,"parent":0,"menu_order":0,"comment_status":"closed","ping_status":"closed","template":"","meta":{"footnotes":""},"_links":{"self":[{"href":"https:\/\/gcshandicapsensoriel.fr\/index.php?rest_route=\/wp\/v2\/pages\/286"}],"collection":[{"href":"https:\/\/gcshandicapsensoriel.fr\/index.php?rest_route=\/wp\/v2\/pages"}],"about":[{"href":"https:\/\/gcshandicapsensoriel.fr\/index.php?rest_route=\/wp\/v2\/types\/page"}],"author":[{"embeddable":true,"href":"https:\/\/gcshandicapsensoriel.fr\/index.php?rest_route=\/wp\/v2\/users\/1"}],"replies":[{"embeddable":true,"href":"https:\/\/gcshandicapsensoriel.fr\/index.php?rest_route=%2Fwp%2Fv2%2Fcomments&post=286"}],"version-history":[{"count":5,"href":"https:\/\/gcshandicapsensoriel.fr\/index.php?rest_route=\/wp\/v2\/pages\/286\/revisions"}],"predecessor-version":[{"id":651,"href":"https:\/\/gcshandicapsensoriel.fr\/index.php?rest_route=\/wp\/v2\/pages\/286\/revisions\/651"}],"wp:attachment":[{"href":"https:\/\/gcshandicapsensoriel.fr\/index.php?rest_route=%2Fwp%2Fv2%2Fmedia&parent=286"}],"curies":[{"name":"wp","href":"https:\/\/api.w.org\/{rel}","templated":true}]}}